{"id":18068,"date":"2013-10-07T14:22:13","date_gmt":"2013-10-07T12:22:13","guid":{"rendered":"http:\/\/www.ilbuonriso.it\/portfolio_page\/farina-grano-duro\/?lang=fr"},"modified":"2018-05-28T11:41:51","modified_gmt":"2018-05-28T09:41:51","slug":"farina-grano-duro","status":"publish","type":"portfolio_page","link":"https:\/\/www.ilbuonriso.it\/fr\/portfolio_page\/farina-grano-duro\/","title":{"rendered":"Farine de bl\u00e9 dur"},"content":{"rendered":"<p><strong>Pour la pr\u00e9paration de pain, pizza, gnocchi et p\u00e2tes fra\u00eeches.<\/strong><br \/>\nUn m\u00e9lange exclusif des meilleures vari\u00e9t\u00e9s de bl\u00e9 dur, \u00e0 forte teneur en prot\u00e9ines, caract\u00e9ristiques id\u00e9ales pour le levage et la pr\u00e9paration du pain. Son go\u00fbt riche et franc en fait un produit parfait \u00e9galement pour la pr\u00e9paration de pizzas, gnocchi et p\u00e2tes fra\u00eeches. <\/p>\n","protected":false},"excerpt":{"rendered":"<p>Pour la pr\u00e9paration de pain, pizza, gnocchi et p\u00e2tes fra\u00eeches. Un m\u00e9lange exclusif des meilleures vari\u00e9t\u00e9s de bl\u00e9 dur, \u00e0 forte teneur en prot\u00e9ines, caract\u00e9ristiques id\u00e9ales pour le levage et la pr\u00e9paration du pain. Son go\u00fbt riche et franc en fait un produit parfait \u00e9galement&#8230;<\/p>\n","protected":false},"author":1,"featured_media":18952,"menu_order":0,"comment_status":"closed","ping_status":"closed","template":"","portfolio_category":[165],"portfolio_tag":[],"class_list":["post-18068","portfolio_page","type-portfolio_page","status-publish","has-post-thumbnail","hentry","portfolio_category-la-casalinga-fr"],"yoast_head":"<!-- This site is optimized with the Yoast SEO plugin v27.4 - https:\/\/yoast.com\/product\/yoast-seo-wordpress\/ -->\n<title>Farine de bl\u00e9 dur - Il Buon Riso<\/title>\n<meta name=\"robots\" content=\"index, follow, max-snippet:-1, max-image-preview:large, max-video-preview:-1\" \/>\n<link rel=\"canonical\" href=\"https:\/\/www.ilbuonriso.it\/fr\/portfolio_page\/farina-grano-duro\/\" \/>\n<meta property=\"og:locale\" content=\"fr_FR\" \/>\n<meta property=\"og:type\" content=\"article\" \/>\n<meta property=\"og:title\" content=\"Farine de bl\u00e9 dur - Il Buon Riso\" \/>\n<meta property=\"og:description\" content=\"Pour la pr\u00e9paration de pain, pizza, gnocchi et p\u00e2tes fra\u00eeches. Un m\u00e9lange exclusif des meilleures vari\u00e9t\u00e9s de bl\u00e9 dur, \u00e0 forte teneur en prot\u00e9ines, caract\u00e9ristiques id\u00e9ales pour le levage et la pr\u00e9paration du pain. Son go\u00fbt riche et franc en fait un produit parfait \u00e9galement...\" \/>\n<meta property=\"og:url\" content=\"https:\/\/www.ilbuonriso.it\/fr\/portfolio_page\/farina-grano-duro\/\" \/>\n<meta property=\"og:site_name\" content=\"Il Buon Riso\" \/>\n<meta property=\"article:modified_time\" content=\"2018-05-28T09:41:51+00:00\" \/>\n<meta property=\"og:image\" content=\"https:\/\/www.ilbuonriso.it\/wp-content\/uploads\/2013\/10\/16_farina_grano_duro-1.jpg\" \/>\n\t<meta property=\"og:image:width\" content=\"560\" \/>\n\t<meta property=\"og:image:height\" content=\"420\" \/>\n\t<meta property=\"og:image:type\" content=\"image\/jpeg\" \/>\n<meta name=\"twitter:card\" content=\"summary_large_image\" \/>\n<script type=\"application\/ld+json\" class=\"yoast-schema-graph\">{\"@context\":\"https:\\\/\\\/schema.org\",\"@graph\":[{\"@type\":\"WebPage\",\"@id\":\"https:\\\/\\\/www.ilbuonriso.it\\\/fr\\\/portfolio_page\\\/farina-grano-duro\\\/\",\"url\":\"https:\\\/\\\/www.ilbuonriso.it\\\/fr\\\/portfolio_page\\\/farina-grano-duro\\\/\",\"name\":\"Farine de bl\u00e9 dur - Il Buon Riso\",\"isPartOf\":{\"@id\":\"https:\\\/\\\/www.ilbuonriso.it\\\/#website\"},\"primaryImageOfPage\":{\"@id\":\"https:\\\/\\\/www.ilbuonriso.it\\\/fr\\\/portfolio_page\\\/farina-grano-duro\\\/#primaryimage\"},\"image\":{\"@id\":\"https:\\\/\\\/www.ilbuonriso.it\\\/fr\\\/portfolio_page\\\/farina-grano-duro\\\/#primaryimage\"},\"thumbnailUrl\":\"https:\\\/\\\/www.ilbuonriso.it\\\/wp-content\\\/uploads\\\/2013\\\/10\\\/16_farina_grano_duro-1.jpg\",\"datePublished\":\"2013-10-07T12:22:13+00:00\",\"dateModified\":\"2018-05-28T09:41:51+00:00\",\"breadcrumb\":{\"@id\":\"https:\\\/\\\/www.ilbuonriso.it\\\/fr\\\/portfolio_page\\\/farina-grano-duro\\\/#breadcrumb\"},\"inLanguage\":\"fr-FR\",\"potentialAction\":[{\"@type\":\"ReadAction\",\"target\":[\"https:\\\/\\\/www.ilbuonriso.it\\\/fr\\\/portfolio_page\\\/farina-grano-duro\\\/\"]}]},{\"@type\":\"ImageObject\",\"inLanguage\":\"fr-FR\",\"@id\":\"https:\\\/\\\/www.ilbuonriso.it\\\/fr\\\/portfolio_page\\\/farina-grano-duro\\\/#primaryimage\",\"url\":\"https:\\\/\\\/www.ilbuonriso.it\\\/wp-content\\\/uploads\\\/2013\\\/10\\\/16_farina_grano_duro-1.jpg\",\"contentUrl\":\"https:\\\/\\\/www.ilbuonriso.it\\\/wp-content\\\/uploads\\\/2013\\\/10\\\/16_farina_grano_duro-1.jpg\",\"width\":560,\"height\":420},{\"@type\":\"BreadcrumbList\",\"@id\":\"https:\\\/\\\/www.ilbuonriso.it\\\/fr\\\/portfolio_page\\\/farina-grano-duro\\\/#breadcrumb\",\"itemListElement\":[{\"@type\":\"ListItem\",\"position\":1,\"name\":\"Home\",\"item\":\"https:\\\/\\\/www.ilbuonriso.it\\\/fr\\\/\"},{\"@type\":\"ListItem\",\"position\":2,\"name\":\"Portfolio\",\"item\":\"https:\\\/\\\/www.ilbuonriso.it\\\/portfolio_page\\\/\"},{\"@type\":\"ListItem\",\"position\":3,\"name\":\"Farine de bl\u00e9 dur\"}]},{\"@type\":\"WebSite\",\"@id\":\"https:\\\/\\\/www.ilbuonriso.it\\\/#website\",\"url\":\"https:\\\/\\\/www.ilbuonriso.it\\\/\",\"name\":\"Il Buon Riso\",\"description\":\"La passione per la bont\u00e0\",\"potentialAction\":[{\"@type\":\"SearchAction\",\"target\":{\"@type\":\"EntryPoint\",\"urlTemplate\":\"https:\\\/\\\/www.ilbuonriso.it\\\/?s={search_term_string}\"},\"query-input\":{\"@type\":\"PropertyValueSpecification\",\"valueRequired\":true,\"valueName\":\"search_term_string\"}}],\"inLanguage\":\"fr-FR\"}]}<\/script>\n<!-- \/ Yoast SEO plugin. -->","yoast_head_json":{"title":"Farine de bl\u00e9 dur - Il Buon Riso","robots":{"index":"index","follow":"follow","max-snippet":"max-snippet:-1","max-image-preview":"max-image-preview:large","max-video-preview":"max-video-preview:-1"},"canonical":"https:\/\/www.ilbuonriso.it\/fr\/portfolio_page\/farina-grano-duro\/","og_locale":"fr_FR","og_type":"article","og_title":"Farine de bl\u00e9 dur - Il Buon Riso","og_description":"Pour la pr\u00e9paration de pain, pizza, gnocchi et p\u00e2tes fra\u00eeches. Un m\u00e9lange exclusif des meilleures vari\u00e9t\u00e9s de bl\u00e9 dur, \u00e0 forte teneur en prot\u00e9ines, caract\u00e9ristiques id\u00e9ales pour le levage et la pr\u00e9paration du pain. Son go\u00fbt riche et franc en fait un produit parfait \u00e9galement...","og_url":"https:\/\/www.ilbuonriso.it\/fr\/portfolio_page\/farina-grano-duro\/","og_site_name":"Il Buon Riso","article_modified_time":"2018-05-28T09:41:51+00:00","og_image":[{"width":560,"height":420,"url":"https:\/\/www.ilbuonriso.it\/wp-content\/uploads\/2013\/10\/16_farina_grano_duro-1.jpg","type":"image\/jpeg"}],"twitter_card":"summary_large_image","schema":{"@context":"https:\/\/schema.org","@graph":[{"@type":"WebPage","@id":"https:\/\/www.ilbuonriso.it\/fr\/portfolio_page\/farina-grano-duro\/","url":"https:\/\/www.ilbuonriso.it\/fr\/portfolio_page\/farina-grano-duro\/","name":"Farine de bl\u00e9 dur - Il Buon Riso","isPartOf":{"@id":"https:\/\/www.ilbuonriso.it\/#website"},"primaryImageOfPage":{"@id":"https:\/\/www.ilbuonriso.it\/fr\/portfolio_page\/farina-grano-duro\/#primaryimage"},"image":{"@id":"https:\/\/www.ilbuonriso.it\/fr\/portfolio_page\/farina-grano-duro\/#primaryimage"},"thumbnailUrl":"https:\/\/www.ilbuonriso.it\/wp-content\/uploads\/2013\/10\/16_farina_grano_duro-1.jpg","datePublished":"2013-10-07T12:22:13+00:00","dateModified":"2018-05-28T09:41:51+00:00","breadcrumb":{"@id":"https:\/\/www.ilbuonriso.it\/fr\/portfolio_page\/farina-grano-duro\/#breadcrumb"},"inLanguage":"fr-FR","potentialAction":[{"@type":"ReadAction","target":["https:\/\/www.ilbuonriso.it\/fr\/portfolio_page\/farina-grano-duro\/"]}]},{"@type":"ImageObject","inLanguage":"fr-FR","@id":"https:\/\/www.ilbuonriso.it\/fr\/portfolio_page\/farina-grano-duro\/#primaryimage","url":"https:\/\/www.ilbuonriso.it\/wp-content\/uploads\/2013\/10\/16_farina_grano_duro-1.jpg","contentUrl":"https:\/\/www.ilbuonriso.it\/wp-content\/uploads\/2013\/10\/16_farina_grano_duro-1.jpg","width":560,"height":420},{"@type":"BreadcrumbList","@id":"https:\/\/www.ilbuonriso.it\/fr\/portfolio_page\/farina-grano-duro\/#breadcrumb","itemListElement":[{"@type":"ListItem","position":1,"name":"Home","item":"https:\/\/www.ilbuonriso.it\/fr\/"},{"@type":"ListItem","position":2,"name":"Portfolio","item":"https:\/\/www.ilbuonriso.it\/portfolio_page\/"},{"@type":"ListItem","position":3,"name":"Farine de bl\u00e9 dur"}]},{"@type":"WebSite","@id":"https:\/\/www.ilbuonriso.it\/#website","url":"https:\/\/www.ilbuonriso.it\/","name":"Il Buon Riso","description":"La passione per la bont\u00e0","potentialAction":[{"@type":"SearchAction","target":{"@type":"EntryPoint","urlTemplate":"https:\/\/www.ilbuonriso.it\/?s={search_term_string}"},"query-input":{"@type":"PropertyValueSpecification","valueRequired":true,"valueName":"search_term_string"}}],"inLanguage":"fr-FR"}]}},"_links":{"self":[{"href":"https:\/\/www.ilbuonriso.it\/fr\/wp-json\/wp\/v2\/portfolio_page\/18068","targetHints":{"allow":["GET"]}}],"collection":[{"href":"https:\/\/www.ilbuonriso.it\/fr\/wp-json\/wp\/v2\/portfolio_page"}],"about":[{"href":"https:\/\/www.ilbuonriso.it\/fr\/wp-json\/wp\/v2\/types\/portfolio_page"}],"author":[{"embeddable":true,"href":"https:\/\/www.ilbuonriso.it\/fr\/wp-json\/wp\/v2\/users\/1"}],"replies":[{"embeddable":true,"href":"https:\/\/www.ilbuonriso.it\/fr\/wp-json\/wp\/v2\/comments?post=18068"}],"wp:featuredmedia":[{"embeddable":true,"href":"https:\/\/www.ilbuonriso.it\/fr\/wp-json\/wp\/v2\/media\/18952"}],"wp:attachment":[{"href":"https:\/\/www.ilbuonriso.it\/fr\/wp-json\/wp\/v2\/media?parent=18068"}],"wp:term":[{"taxonomy":"portfolio_category","embeddable":true,"href":"https:\/\/www.ilbuonriso.it\/fr\/wp-json\/wp\/v2\/portfolio_category?post=18068"},{"taxonomy":"portfolio_tag","embeddable":true,"href":"https:\/\/www.ilbuonriso.it\/fr\/wp-json\/wp\/v2\/portfolio_tag?post=18068"}],"curies":[{"name":"wp","href":"https:\/\/api.w.org\/{rel}","templated":true}]}}